{"id":59,"date":"2024-01-26T18:04:48","date_gmt":"2024-01-26T18:04:48","guid":{"rendered":"https:\/\/ndeky.org\/?page_id=59"},"modified":"2025-11-20T18:01:35","modified_gmt":"2025-11-20T18:01:35","slug":"quienes-somos","status":"publish","type":"page","link":"https:\/\/ndeky.org\/index.php\/quienes-somos\/","title":{"rendered":"\u00bfQui\u00e9nes somos?"},"content":{"rendered":"\n<hr class=\"wp-block-separator has-alpha-channel-opacity\"\/>\n\n\n\n<p class=\"has-text-align-center\"><strong><em>Somos un grupo de amigos asociados con una misma inquietud: hacer mas bonita la infancia de un gran numero de ni\u00f1os que mendigan a diario por las calles de Saint Louis, en Senegal. Este proyecto es una colaboraci\u00f3n particular m\u00eda y de mis conocidos desde Espa\u00f1a con Petit y Atou, dos m\u00fasicos y monitores senegaleses preocupados por los ni\u00f1os mendigos de las calles de su ciudad. <\/em><\/strong><\/p>\n\n\n\n<hr class=\"wp-block-separator has-alpha-channel-opacity\"\/>\n\n\n\n<p>Nos presentamos:<\/p>\n\n\n\n<hr class=\"wp-block-separator has-alpha-channel-opacity\"\/>\n\n\n\n<div class=\"wp-block-columns is-layout-flex wp-container-core-columns-is-layout-9d6595d7 wp-block-columns-is-layout-flex\">\n<div class=\"wp-block-column is-layout-flow wp-block-column-is-layout-flow\" style=\"flex-basis:33.33%\">\n<figure class=\"wp-block-image size-full\"><img loading=\"lazy\" decoding=\"async\" width=\"720\" height=\"960\" src=\"http:\/\/ndeky.org\/wp-content\/uploads\/2024\/01\/PETIT-DIOP.jpeg\" alt=\"\" class=\"wp-image-62\" srcset=\"https:\/\/ndeky.org\/wp-content\/uploads\/2024\/01\/PETIT-DIOP.jpeg 720w, https:\/\/ndeky.org\/wp-content\/uploads\/2024\/01\/PETIT-DIOP-225x300.jpeg 225w\" sizes=\"auto, (max-width: 720px) 100vw, 720px\" \/><\/figure>\n<\/div>\n\n\n\n<div class=\"wp-block-column is-layout-flow wp-block-column-is-layout-flow\" style=\"flex-basis:66.66%\">\n<h2 class=\"wp-block-heading\">Petit Diop<\/h2>\n\n\n\n<p>Nacido en SL, en 1978, en una familia de percusionistas.<\/p>\n\n\n\n<p>Su padre, &#8220;pap\u00e0 Samba&#8221; como le llamamos cari\u00f1osamente es uno de los m\u00e1s veteranos percusionistas de la ciudad.<\/p>\n\n\n\n<p>Petit es un m\u00fasico profesional, con una trayectoria de 30 a\u00f1os. Con su banda y sus instrumentos ameniza los eventos de su ciudad natal. Es padre de tres hijos, Samba Junior, Kin\u00e9 y Sopfh\u00eda, y destacado t\u00edo de varios sobrinos menores de 10 a\u00f1os con los que tiene muy especial relaci\u00f3n.<\/p>\n\n\n\n<p>En la familia de Petit, tambi\u00e9n tenemos relaci\u00f3n estrecha con su mujer Fatu, que nos da mucho apoyo con la preparaci\u00f3n de los desayunos para ellos. <\/p>\n\n\n\n<p>Petit camina despacio, por una discapacidad con la que naci\u00f3 que no le permite andar correctamente ni correr, pero dice &#8220;con pie firme y tranquilo&#8221;. En la percusi\u00f3n, sus manos van a mil, y su atenci\u00f3n para con la infancia, es muy generosa.<\/p>\n<\/div>\n<\/div>\n\n\n\n<div class=\"wp-block-columns is-layout-flex wp-container-core-columns-is-layout-9d6595d7 wp-block-columns-is-layout-flex\">\n<div class=\"wp-block-column is-layout-flow wp-block-column-is-layout-flow\" style=\"flex-basis:33.33%\">\n<figure class=\"wp-block-image size-full\"><img loading=\"lazy\" decoding=\"async\" width=\"400\" height=\"600\" src=\"http:\/\/ndeky.org\/wp-content\/uploads\/2024\/01\/Atou-Fall.jpeg\" alt=\"\" class=\"wp-image-63\" srcset=\"https:\/\/ndeky.org\/wp-content\/uploads\/2024\/01\/Atou-Fall.jpeg 400w, https:\/\/ndeky.org\/wp-content\/uploads\/2024\/01\/Atou-Fall-200x300.jpeg 200w\" sizes=\"auto, (max-width: 400px) 100vw, 400px\" \/><\/figure>\n<\/div>\n\n\n\n<div class=\"wp-block-column is-layout-flow wp-block-column-is-layout-flow\" style=\"flex-basis:66.66%\">\n<h2 class=\"wp-block-heading\">Atoumane Fall<\/h2>\n\n\n\n<p>Natural de Senegal, y nacido en Saint Louis. Su infancia se desarrolla entre Pal, un peque\u00f1o pueblo cercano a Saint Louis, y el propio San Luis. Atou\u00a0proveniente de una familia sin demasiados recursos, pero muy cohesionada.\u00a0<\/p>\n\n\n\n<p>\u00c9l cuenta que cuando iba a su escuelita del Cor\u00e1n (Daara), era privilegiado, porque al finalizar las clases, se iba a casa con su familia, siendo consciente de que la mayor\u00eda de sus compa\u00f1eros no ten\u00edan la misma suerte, ya que para aprender el Cor\u00e1n comparten aulas con los ni\u00f1os de la calle, a los que va dirigido este proyecto. <\/p>\n\n\n\n<p>Se form\u00f3 en la &#8220;Association Culturelle et d\u2019appui au developpement communautaire Ngeweul Guide&#8221; de San Luis, que acoge a ni\u00f1os sin recursos para darles una formaci\u00f3n art\u00edstica como alternativa a la falta de profesores en la educaci\u00f3n de las escuelas del pa\u00eds. Se convierte as\u00ed en un m\u00fasico profesional, bailar\u00edn y core\u00f3grafo, siendo seleccionado como miembro del elenco de artistas que preparan las celebraciones nacionales, y colaboraciones con Artistas destacados en los estudios de grabaci\u00f3n.\u00a0<\/p>\n\n\n\n<p>Atou es miembro anualmente de diferentes proyectos internacionales, muy en contacto con el arte y cultura de diferentes pa\u00edses, sin salir del suyo, y su especialidad y vocaci\u00f3n es su labor como profesor en talleres con los ni\u00f1os m\u00e1s peque\u00f1os.\u00a0Es f\u00e1cil verle tocar en todo tipo de fiestas populares de su ciudad, y en especial, participa y promueve cantidad de eventos con y para los ni\u00f1os de la calle, junto a su grupo de percusi\u00f3n, del que forma parte hace a\u00f1os, y que comparte con Salam.<\/p>\n<\/div>\n<\/div>\n\n\n\n<div class=\"wp-block-columns is-layout-flex wp-container-core-columns-is-layout-9d6595d7 wp-block-columns-is-layout-flex\">\n<div class=\"wp-block-column is-layout-flow wp-block-column-is-layout-flow\" style=\"flex-basis:33.33%\">\n<figure class=\"wp-block-image size-full\"><img loading=\"lazy\" decoding=\"async\" width=\"522\" height=\"960\" src=\"http:\/\/ndeky.org\/wp-content\/uploads\/2024\/01\/Abdou-SALAM.jpeg\" alt=\"\" class=\"wp-image-61\" srcset=\"https:\/\/ndeky.org\/wp-content\/uploads\/2024\/01\/Abdou-SALAM.jpeg 522w, https:\/\/ndeky.org\/wp-content\/uploads\/2024\/01\/Abdou-SALAM-163x300.jpeg 163w\" sizes=\"auto, (max-width: 522px) 100vw, 522px\" \/><\/figure>\n<\/div>\n\n\n\n<div class=\"wp-block-column is-layout-flow wp-block-column-is-layout-flow\" style=\"flex-basis:66.66%\">\n<h2 class=\"wp-block-heading\">Salam<\/h2>\n\n\n\n<p>Abdou Salam Sy, &nbsp;nacido&nbsp;en 1992 en SL.<\/p>\n\n\n\n<p>Es m\u00fasico y bailar\u00edn y al mismo tiempo se dedica a la soldadura de metales.&nbsp;<\/p>\n\n\n\n<p>Comenz\u00f3 su trayectoria con actividades art\u00edsticas en la ciudad en el a\u00f1o 2000, con 8 a\u00f1itos. Formando parte de la misma compa\u00f1\u00eda que Atoumane, aprendi\u00f3 desde muy peque\u00f1o percusi\u00f3n y danza all\u00ed, y el oficio de soldador con su padre. Hoy es uno de los impulsores principales de la cultura en su ciudad.&nbsp;<\/p>\n\n\n\n<p>Es padre de dos ni\u00f1os, y muy amigo de sus amigos. Siempre sonr\u00ede.<\/p>\n\n\n\n<p>&nbsp;Ha participado como bailar\u00edn en muchos festivales en \u00c1frica y como actividad casi semanal, trabaja como voluntario en todos los eventos infantiles que se organizan para los ni\u00f1os de la calle con su grupo de percusi\u00f3n, ya sea a trav\u00e9s de asociaciones o por iniciativa propia, con Petit y Atou.<\/p>\n<\/div>\n<\/div>\n\n\n\n<div class=\"wp-block-columns is-layout-flex wp-container-core-columns-is-layout-9d6595d7 wp-block-columns-is-layout-flex\">\n<div class=\"wp-block-column is-layout-flow wp-block-column-is-layout-flow\" style=\"flex-basis:33.33%\">\n<figure class=\"wp-block-image size-large\"><img loading=\"lazy\" decoding=\"async\" width=\"683\" height=\"1024\" src=\"http:\/\/ndeky.org\/wp-content\/uploads\/2024\/01\/Maria-Jesus-Rivera-683x1024.jpeg\" alt=\"\" class=\"wp-image-60\" srcset=\"https:\/\/ndeky.org\/wp-content\/uploads\/2024\/01\/Maria-Jesus-Rivera-683x1024.jpeg 683w, https:\/\/ndeky.org\/wp-content\/uploads\/2024\/01\/Maria-Jesus-Rivera-200x300.jpeg 200w, https:\/\/ndeky.org\/wp-content\/uploads\/2024\/01\/Maria-Jesus-Rivera-768x1152.jpeg 768w, https:\/\/ndeky.org\/wp-content\/uploads\/2024\/01\/Maria-Jesus-Rivera-1024x1536.jpeg 1024w, https:\/\/ndeky.org\/wp-content\/uploads\/2024\/01\/Maria-Jesus-Rivera-1366x2048.jpeg 1366w, https:\/\/ndeky.org\/wp-content\/uploads\/2024\/01\/Maria-Jesus-Rivera.jpeg 1707w\" sizes=\"auto, (max-width: 683px) 100vw, 683px\" \/><\/figure>\n<\/div>\n\n\n\n<div class=\"wp-block-column is-layout-flow wp-block-column-is-layout-flow\" style=\"flex-basis:66.66%\">\n<p>La que escribe estas l\u00edneas:<\/p>\n\n\n\n<p>Nac\u00ed en Badajoz, y hasta los 18 a\u00f1os, que me fui a estudiar fuera, aqu\u00ed estuve. y m\u00e1s tarde, aqu\u00ed volv\u00ed.&nbsp;&nbsp;Con una vida muy suertuda ya que tengo una familia genial, y acceso a muchas oportunidades que me han ayudado a ser quien hoy soy. He viajado un poco, y he visto c\u00f3mo viven muchas culturas diferentes a la m\u00eda, y de todas ella he intentado aprender un poco.&nbsp;<\/p>\n\n\n\n<p>Soy inform\u00e1tica de profesi\u00f3n, profesora de clases particulares de ingl\u00e9s de ni\u00f1os\u00a0alguna que otra tarde tambi\u00e9n me atrevo a decir, aprendiz de muchas cosas, y trabajo en la Universidad.<\/p>\n\n\n\n<p>Desde muy peque\u00f1a me ha interesado\u00a0la danza, a trav\u00e9s de ella, la m\u00fasica, y a trav\u00e9s de ambas, los viajes para verlas en vivo, cada una en su esencia, y vividas por sus gentes. Y as\u00ed, un d\u00eda, llegu\u00e9\u00a0a Senegal&#8230; participando de un proyecto\u00a0desarrollado all\u00ed, y que recorre\u00a0el pa\u00eds,\u00a0mezclando danza, intercambio cultural y\u00a0acci\u00f3n social, y ayudando a mejorar las condiciones de\u00a0algunos hospitales.<\/p>\n\n\n\n<p>As\u00ed pude echar ratitos mirando a mi alrededor, y mezclarme con personas que me ense\u00f1an su realidad.<\/p>\n\n\n\n<p>Ya desde el primer viaje, tengo ideas, pero es despu\u00e9s varios, que tengo los conocimientos y contactos suficientes y de confianza para lanzarme con ellos a echar esta mano, a manos peque\u00f1itas, que acompa\u00f1an en los paseos por la ciudad de Saint Louis.<\/p>\n\n\n\n<p>&#8211; Como nota interesante, soy espectadora fan y aprendiz&nbsp;de los proyectos que lleva mi querida t\u00eda a la que no puedo dejar de nombrar en esta secci\u00f3n, Peligros Folgado,&nbsp;y que es fundadora de la &#8220;Fundaci\u00f3n ATABAL&#8221;. Ella me ense\u00f1a que poco a poco, y con los pies en la tierra, se pueden conseguir muchas cosas importantes para los dem\u00e1s. Es cuesti\u00f3n de empezar y organizarse.<\/p>\n<\/div>\n<\/div>\n","protected":false},"excerpt":{"rendered":"<p>Somos un grupo de amigos asociados con una misma inquietud: hacer mas bonita la infancia de un gran numero de ni\u00f1os que mendigan a diario por las calles de Saint Louis, en Senegal. Este proyecto es una colaboraci\u00f3n particular m\u00eda y de mis conocidos desde Espa\u00f1a con Petit y Atou, dos m\u00fasicos y monitores senegaleses &#8230; <a title=\"\u00bfQui\u00e9nes somos?\" class=\"read-more\" href=\"https:\/\/ndeky.org\/index.php\/quienes-somos\/\" aria-label=\"Read more about \u00bfQui\u00e9nes somos?\">Read more<\/a><\/p>\n","protected":false},"author":2,"featured_media":0,"parent":0,"menu_order":0,"comment_status":"closed","ping_status":"closed","template":"","meta":{"footnotes":""},"class_list":["post-59","page","type-page","status-publish"],"yoast_head":"<!-- This site is optimized with the Yoast SEO plugin v27.0 - https:\/\/yoast.com\/product\/yoast-seo-wordpress\/ -->\n<title>\u00bfQui\u00e9nes somos? - Proyecto Ndeky<\/title>\n<meta name=\"robots\" content=\"index, follow, max-snippet:-1, max-image-preview:large, max-video-preview:-1\" \/>\n<link rel=\"canonical\" href=\"https:\/\/ndeky.org\/index.php\/quienes-somos\/\" \/>\n<meta property=\"og:locale\" content=\"en_US\" \/>\n<meta property=\"og:type\" content=\"article\" \/>\n<meta property=\"og:title\" content=\"\u00bfQui\u00e9nes somos? - Proyecto Ndeky\" \/>\n<meta property=\"og:description\" content=\"Somos un grupo de amigos asociados con una misma inquietud: hacer mas bonita la infancia de un gran numero de ni\u00f1os que mendigan a diario por las calles de Saint Louis, en Senegal. Este proyecto es una colaboraci\u00f3n particular m\u00eda y de mis conocidos desde Espa\u00f1a con Petit y Atou, dos m\u00fasicos y monitores senegaleses ... Read more\" \/>\n<meta property=\"og:url\" content=\"https:\/\/ndeky.org\/index.php\/quienes-somos\/\" \/>\n<meta property=\"og:site_name\" content=\"Proyecto Ndeky\" \/>\n<meta property=\"article:publisher\" content=\"https:\/\/www.facebook.com\/profile.php?id=100093903516674\" \/>\n<meta property=\"article:modified_time\" content=\"2025-11-20T18:01:35+00:00\" \/>\n<meta property=\"og:image\" content=\"https:\/\/ndeky.org\/wp-content\/uploads\/2024\/01\/PETIT-DIOP.jpeg\" \/>\n\t<meta property=\"og:image:width\" content=\"720\" \/>\n\t<meta property=\"og:image:height\" content=\"960\" \/>\n\t<meta property=\"og:image:type\" content=\"image\/jpeg\" \/>\n<meta name=\"twitter:card\" content=\"summary_large_image\" \/>\n<meta name=\"twitter:label1\" content=\"Est. reading time\" \/>\n\t<meta name=\"twitter:data1\" content=\"5 minutes\" \/>\n<script type=\"application\/ld+json\" class=\"yoast-schema-graph\">{\"@context\":\"https:\/\/schema.org\",\"@graph\":[{\"@type\":\"WebPage\",\"@id\":\"https:\/\/ndeky.org\/index.php\/quienes-somos\/\",\"url\":\"https:\/\/ndeky.org\/index.php\/quienes-somos\/\",\"name\":\"\u00bfQui\u00e9nes somos? - Proyecto Ndeky\",\"isPartOf\":{\"@id\":\"https:\/\/ndeky.org\/#website\"},\"primaryImageOfPage\":{\"@id\":\"https:\/\/ndeky.org\/index.php\/quienes-somos\/#primaryimage\"},\"image\":{\"@id\":\"https:\/\/ndeky.org\/index.php\/quienes-somos\/#primaryimage\"},\"thumbnailUrl\":\"http:\/\/ndeky.org\/wp-content\/uploads\/2024\/01\/PETIT-DIOP.jpeg\",\"datePublished\":\"2024-01-26T18:04:48+00:00\",\"dateModified\":\"2025-11-20T18:01:35+00:00\",\"breadcrumb\":{\"@id\":\"https:\/\/ndeky.org\/index.php\/quienes-somos\/#breadcrumb\"},\"inLanguage\":\"en-US\",\"potentialAction\":[{\"@type\":\"ReadAction\",\"target\":[\"https:\/\/ndeky.org\/index.php\/quienes-somos\/\"]}]},{\"@type\":\"ImageObject\",\"inLanguage\":\"en-US\",\"@id\":\"https:\/\/ndeky.org\/index.php\/quienes-somos\/#primaryimage\",\"url\":\"https:\/\/ndeky.org\/wp-content\/uploads\/2024\/01\/PETIT-DIOP.jpeg\",\"contentUrl\":\"https:\/\/ndeky.org\/wp-content\/uploads\/2024\/01\/PETIT-DIOP.jpeg\",\"width\":720,\"height\":960},{\"@type\":\"BreadcrumbList\",\"@id\":\"https:\/\/ndeky.org\/index.php\/quienes-somos\/#breadcrumb\",\"itemListElement\":[{\"@type\":\"ListItem\",\"position\":1,\"name\":\"Home\",\"item\":\"https:\/\/ndeky.org\/\"},{\"@type\":\"ListItem\",\"position\":2,\"name\":\"\u00bfQui\u00e9nes somos?\"}]},{\"@type\":\"WebSite\",\"@id\":\"https:\/\/ndeky.org\/#website\",\"url\":\"https:\/\/ndeky.org\/\",\"name\":\"Proyecto Ndeky\",\"description\":\"Proyecto para infancia en Saint Louis, Senegal\",\"publisher\":{\"@id\":\"https:\/\/ndeky.org\/#organization\"},\"potentialAction\":[{\"@type\":\"SearchAction\",\"target\":{\"@type\":\"EntryPoint\",\"urlTemplate\":\"https:\/\/ndeky.org\/?s={search_term_string}\"},\"query-input\":{\"@type\":\"PropertyValueSpecification\",\"valueRequired\":true,\"valueName\":\"search_term_string\"}}],\"inLanguage\":\"en-US\"},{\"@type\":\"Organization\",\"@id\":\"https:\/\/ndeky.org\/#organization\",\"name\":\"Asociaci\u00f3n Ndeky \u00c1frica\",\"url\":\"https:\/\/ndeky.org\/\",\"logo\":{\"@type\":\"ImageObject\",\"inLanguage\":\"en-US\",\"@id\":\"https:\/\/ndeky.org\/#\/schema\/logo\/image\/\",\"url\":\"https:\/\/ndeky.org\/wp-content\/uploads\/2025\/06\/cropped-android-icon-48x48-1.png\",\"contentUrl\":\"https:\/\/ndeky.org\/wp-content\/uploads\/2025\/06\/cropped-android-icon-48x48-1.png\",\"width\":48,\"height\":48,\"caption\":\"Asociaci\u00f3n Ndeky \u00c1frica\"},\"image\":{\"@id\":\"https:\/\/ndeky.org\/#\/schema\/logo\/image\/\"},\"sameAs\":[\"https:\/\/www.facebook.com\/profile.php?id=100093903516674\",\"https:\/\/www.instagram.com\/proyectondeky\"]}]}<\/script>\n<!-- \/ Yoast SEO plugin. -->","yoast_head_json":{"title":"\u00bfQui\u00e9nes somos? - Proyecto Ndeky","robots":{"index":"index","follow":"follow","max-snippet":"max-snippet:-1","max-image-preview":"max-image-preview:large","max-video-preview":"max-video-preview:-1"},"canonical":"https:\/\/ndeky.org\/index.php\/quienes-somos\/","og_locale":"en_US","og_type":"article","og_title":"\u00bfQui\u00e9nes somos? - Proyecto Ndeky","og_description":"Somos un grupo de amigos asociados con una misma inquietud: hacer mas bonita la infancia de un gran numero de ni\u00f1os que mendigan a diario por las calles de Saint Louis, en Senegal. Este proyecto es una colaboraci\u00f3n particular m\u00eda y de mis conocidos desde Espa\u00f1a con Petit y Atou, dos m\u00fasicos y monitores senegaleses ... Read more","og_url":"https:\/\/ndeky.org\/index.php\/quienes-somos\/","og_site_name":"Proyecto Ndeky","article_publisher":"https:\/\/www.facebook.com\/profile.php?id=100093903516674","article_modified_time":"2025-11-20T18:01:35+00:00","og_image":[{"width":720,"height":960,"url":"https:\/\/ndeky.org\/wp-content\/uploads\/2024\/01\/PETIT-DIOP.jpeg","type":"image\/jpeg"}],"twitter_card":"summary_large_image","twitter_misc":{"Est. reading time":"5 minutes"},"schema":{"@context":"https:\/\/schema.org","@graph":[{"@type":"WebPage","@id":"https:\/\/ndeky.org\/index.php\/quienes-somos\/","url":"https:\/\/ndeky.org\/index.php\/quienes-somos\/","name":"\u00bfQui\u00e9nes somos? - Proyecto Ndeky","isPartOf":{"@id":"https:\/\/ndeky.org\/#website"},"primaryImageOfPage":{"@id":"https:\/\/ndeky.org\/index.php\/quienes-somos\/#primaryimage"},"image":{"@id":"https:\/\/ndeky.org\/index.php\/quienes-somos\/#primaryimage"},"thumbnailUrl":"http:\/\/ndeky.org\/wp-content\/uploads\/2024\/01\/PETIT-DIOP.jpeg","datePublished":"2024-01-26T18:04:48+00:00","dateModified":"2025-11-20T18:01:35+00:00","breadcrumb":{"@id":"https:\/\/ndeky.org\/index.php\/quienes-somos\/#breadcrumb"},"inLanguage":"en-US","potentialAction":[{"@type":"ReadAction","target":["https:\/\/ndeky.org\/index.php\/quienes-somos\/"]}]},{"@type":"ImageObject","inLanguage":"en-US","@id":"https:\/\/ndeky.org\/index.php\/quienes-somos\/#primaryimage","url":"https:\/\/ndeky.org\/wp-content\/uploads\/2024\/01\/PETIT-DIOP.jpeg","contentUrl":"https:\/\/ndeky.org\/wp-content\/uploads\/2024\/01\/PETIT-DIOP.jpeg","width":720,"height":960},{"@type":"BreadcrumbList","@id":"https:\/\/ndeky.org\/index.php\/quienes-somos\/#breadcrumb","itemListElement":[{"@type":"ListItem","position":1,"name":"Home","item":"https:\/\/ndeky.org\/"},{"@type":"ListItem","position":2,"name":"\u00bfQui\u00e9nes somos?"}]},{"@type":"WebSite","@id":"https:\/\/ndeky.org\/#website","url":"https:\/\/ndeky.org\/","name":"Proyecto Ndeky","description":"Proyecto para infancia en Saint Louis, Senegal","publisher":{"@id":"https:\/\/ndeky.org\/#organization"},"potentialAction":[{"@type":"SearchAction","target":{"@type":"EntryPoint","urlTemplate":"https:\/\/ndeky.org\/?s={search_term_string}"},"query-input":{"@type":"PropertyValueSpecification","valueRequired":true,"valueName":"search_term_string"}}],"inLanguage":"en-US"},{"@type":"Organization","@id":"https:\/\/ndeky.org\/#organization","name":"Asociaci\u00f3n Ndeky \u00c1frica","url":"https:\/\/ndeky.org\/","logo":{"@type":"ImageObject","inLanguage":"en-US","@id":"https:\/\/ndeky.org\/#\/schema\/logo\/image\/","url":"https:\/\/ndeky.org\/wp-content\/uploads\/2025\/06\/cropped-android-icon-48x48-1.png","contentUrl":"https:\/\/ndeky.org\/wp-content\/uploads\/2025\/06\/cropped-android-icon-48x48-1.png","width":48,"height":48,"caption":"Asociaci\u00f3n Ndeky \u00c1frica"},"image":{"@id":"https:\/\/ndeky.org\/#\/schema\/logo\/image\/"},"sameAs":["https:\/\/www.facebook.com\/profile.php?id=100093903516674","https:\/\/www.instagram.com\/proyectondeky"]}]}},"_links":{"self":[{"href":"https:\/\/ndeky.org\/index.php\/wp-json\/wp\/v2\/pages\/59","targetHints":{"allow":["GET"]}}],"collection":[{"href":"https:\/\/ndeky.org\/index.php\/wp-json\/wp\/v2\/pages"}],"about":[{"href":"https:\/\/ndeky.org\/index.php\/wp-json\/wp\/v2\/types\/page"}],"author":[{"embeddable":true,"href":"https:\/\/ndeky.org\/index.php\/wp-json\/wp\/v2\/users\/2"}],"replies":[{"embeddable":true,"href":"https:\/\/ndeky.org\/index.php\/wp-json\/wp\/v2\/comments?post=59"}],"version-history":[{"count":8,"href":"https:\/\/ndeky.org\/index.php\/wp-json\/wp\/v2\/pages\/59\/revisions"}],"predecessor-version":[{"id":340,"href":"https:\/\/ndeky.org\/index.php\/wp-json\/wp\/v2\/pages\/59\/revisions\/340"}],"wp:attachment":[{"href":"https:\/\/ndeky.org\/index.php\/wp-json\/wp\/v2\/media?parent=59"}],"curies":[{"name":"wp","href":"https:\/\/api.w.org\/{rel}","templated":true}]}}