{"id":76,"date":"2024-01-26T18:30:20","date_gmt":"2024-01-26T18:30:20","guid":{"rendered":"https:\/\/ndeky.org\/?page_id=76"},"modified":"2025-04-07T12:58:47","modified_gmt":"2025-04-07T12:58:47","slug":"como-puedo-colaborar","status":"publish","type":"page","link":"https:\/\/ndeky.org\/index.php\/como-puedo-colaborar\/","title":{"rendered":"C\u00f3mo puedo colaborar"},"content":{"rendered":"\n<div class=\"wp-block-group has-base-2-background-color has-background\"><div class=\"wp-block-group__inner-container is-layout-constrained wp-block-group-is-layout-constrained\">\n<h2 class=\"wp-block-heading\" id=\"1.-difunde-el-proyecto\">1. Difunde el proyecto<\/h2>\n\n\n\n<p>Existen infinidad de proyectos solidarios. El nuestro es muy personal, y peque\u00f1o tambi\u00e9n. En la teor\u00eda,&nbsp;no es nada diferente a lo que nos cuentan en otros proyectos u Ongs. Pero precisamente por ser peque\u00f1o, lo hacemos especial y cuidamos los detalles.<\/p>\n\n\n\n<p>As\u00ed que, si difundes entre personas allegadas y les cuentas nuestra conexi\u00f3n con el lugar, y el modo en que se puede seguir el resultado de la acci\u00f3n del proyecto, en nuestra &#8220;ventana a los ni\u00f1os&#8221; donde intentaremos publicar al menos de forma mensual las actividades y d\u00edas de actividades y desayunos de los ni\u00f1os, nos ser\u00e1 m\u00e1s \u00fatil que si mandas el link a 100 contactos al azar. Probablemente \u00e9stos, no tengan tiempo de leerlo, y no sepan bien de que va, por lo que les pase desapercibido.&nbsp;<\/p>\n<\/div><\/div>\n\n\n\n<div class=\"wp-block-group is-nowrap is-layout-flex wp-container-core-group-is-layout-ad2f72ca wp-block-group-is-layout-flex\">\n<div class=\"wp-block-group has-base-2-background-color has-background\"><div class=\"wp-block-group__inner-container is-layout-constrained wp-block-group-is-layout-constrained\">\n<h2 class=\"wp-block-heading\" id=\"3.-aportaciones-econ\u00f3micas-directas-sin-certificado-de-donaci\u00f3n\">2. Aportaciones econ\u00f3micas directas sin certificado de donaci\u00f3n:<\/h2>\n\n\n\n<p><a href=\"https:\/\/unexes.sharepoint.com\/sites\/Asociacion_Proyecto_Senegal\/SitePages\/C%C3%B3mo-puedo-colaborar.aspx#3.-aportaciones-econ%C3%B3micas-directas-sin-certificado-de-donaci%C3%B3n\"><\/a><strong>Cuenta solidaria<\/strong> &#8220;proyecto Ndeky&#8221;:&nbsp; &nbsp;ES52 1465 0100 91 1737074609\u200b\u200b\u200b\u200b\u200b\u200b\u200b<\/p>\n\n\n\n<p>&nbsp;Nos nutrimos de solidaridad. Tambi\u00e9n de la idea de que para un ni\u00f1o, la continuidad aporta equilibrio.<\/p>\n\n\n\n<blockquote class=\"wp-block-quote is-layout-flow wp-block-quote-is-layout-flow\">\n<p>Las aportaciones puntuales son geniales, nos vienen bien, les vienen bien;&nbsp;pero las aportaciones peri\u00f3dicas, aunque m\u00e1s peque\u00f1as, nos ayudan m\u00e1s a poder planificar cada mes el proyecto y que no termine.<\/p>\n<\/blockquote>\n\n\n\n<p>Por poner un ejemplo, nos vienen mejor 10 aportaciones peri\u00f3dicas de 20 euros, que 200\u20ac de golpe. y t\u00fa lo notas menos.&nbsp; PERO ENCUENTRA TU FORMA DE COLABORAR, LA QUE M\u00c1S TE APETEZCA. \u00a1\u00a1\u00a1Todas las aportaciones son bienvenidas!!! No existen aportaciones que no valgan para nada.<\/p>\n\n\n\n<p>Ya que no tienen familia, queremos darles un lugar en el que continuamente puedan acudir, monitores que sean sus referencias, para momentos de problemas, alguien a quien contarle algo, alguien a quien pedirle que les mire cuando meten un gol&#8230; cositas b\u00e1sicas, continuas, y tambi\u00e9n continuamente atender sus necesidades b\u00e1sicas<\/p>\n<\/div><\/div>\n\n\n\n<div style=\"height:56px;width:0px\" aria-hidden=\"true\" class=\"wp-block-spacer wp-container-content-93ed7744\"><\/div>\n<\/div>\n\n\n\n<div class=\"wp-block-group has-base-2-background-color has-background\"><div class=\"wp-block-group__inner-container is-layout-constrained wp-block-group-is-layout-constrained\">\n<h2 class=\"wp-block-heading\">3. Colabora, y obt\u00e9n tu certificado:<\/h2>\n\n\n\n<p>Colabora con la compra de alimentos para desayunos, f\u00e1cil y r\u00e1pido, con un click: elige tu cantidad y dona! Adem\u00e1s podr\u00e1s pedir tu certificado para deducirte la donaci\u00f3n en el IRPF:<\/p>\n\n\n\n<div class=\"wp-block-buttons alignwide is-content-justification-center is-layout-flex wp-container-core-buttons-is-layout-16018d1d wp-block-buttons-is-layout-flex\">\n<div class=\"wp-block-button\"><a class=\"wp-block-button__link has-global-color-9-background-color has-background wp-element-button\" href=\"https:\/\/www.kukumiku.com\/proyectos\/ndeky-infantil\/\">CLICK AQUI PARA DONAR, HAZO TU MISMO<\/a><\/div>\n\n\n\n<div class=\"wp-block-button\"><a class=\"wp-block-button__link has-global-color-9-background-color has-background wp-element-button\" href=\"https:\/\/forms.office.com\/Pages\/DesignPageV2.aspx?origin=NeoPortalPage&amp;subpage=design&amp;id=DQSIkWdsW0yxEjajBLZtrQAAAAAAAAAAAAO__WTFt1FUODBTVlA0TjJNQ00zN00xWVkyT0VBMFlURi4u&amp;topview=Prefill\" target=\"_blank\" rel=\"noreferrer noopener\">DONAR CON SENCILLO FORMULARIO <\/a><\/div>\n\n\n<\/div>\n<\/div><\/div>\n\n\n\n<div class=\"wp-block-columns is-layout-flex wp-container-core-columns-is-layout-9d6595d7 wp-block-columns-is-layout-flex\">\n<div class=\"wp-block-column is-layout-flow wp-block-column-is-layout-flow\"><\/div>\n\n\n\n<div class=\"wp-block-column is-layout-flow wp-block-column-is-layout-flow\"><\/div>\n<\/div>\n\n\n\n<div class=\"wp-block-columns has-base-2-background-color has-background is-layout-flex wp-container-core-columns-is-layout-9d6595d7 wp-block-columns-is-layout-flex\">\n<div class=\"wp-block-column is-layout-flow wp-block-column-is-layout-flow\" style=\"flex-basis:66.66%\">\n<h2 class=\"wp-block-heading\" id=\"4.-adquiere-un-instrumento-senegal\u00e9s-si-eres-amante-de-la-m\u00fasica.\">4. Adquiere un instrumento senegal\u00e9s si eres amante de la m\u00fasica&#8230;<\/h2>\n\n\n\n<p><a href=\"https:\/\/unexes.sharepoint.com\/sites\/Asociacion_Proyecto_Senegal\/SitePages\/C%C3%B3mo-puedo-colaborar.aspx#4.-adquiere-un-instrumento-senegal%C3%A9s-si-eres-amante-de-la-m%C3%BAsica.\"><\/a>&nbsp; &nbsp; echa un ojo pinchando aqu\u00ec &#8211;&gt;&nbsp; &nbsp; &nbsp; <a href=\"https:\/\/ndeky.org\/index.php\/nuestros-instrumentos\/\" data-type=\"page\" data-id=\"276\">NUESTROS INSTRUMENTOS<\/a><\/p>\n\n\n\n<p>Preg\u00fantanos :&nbsp; &#8220;Laboutiquedelamusiquesl@gmail.com&#8221; &#8220;proyectondeky@outlook.es&#8221;<\/p>\n\n\n\n<p>El beneficio de las ventas de instrumentos artesanales, es otra forma de financiar nuestro proyecto.<\/p>\n\n\n\n<p>Todos los instrumentos que se fabrican y se venden son profesionales, por lo que tienen un sonido de calidad. <\/p>\n\n\n\n<p><\/p>\n<\/div>\n\n\n\n<div class=\"wp-block-column is-layout-flow wp-block-column-is-layout-flow\" style=\"flex-basis:33.33%\">\n<figure class=\"wp-block-image size-full\"><img loading=\"lazy\" decoding=\"async\" width=\"540\" height=\"768\" src=\"http:\/\/ndeky.org\/wp-content\/uploads\/2024\/01\/instrumentos.png\" alt=\"\" class=\"wp-image-77\" srcset=\"https:\/\/ndeky.org\/wp-content\/uploads\/2024\/01\/instrumentos.png 540w, https:\/\/ndeky.org\/wp-content\/uploads\/2024\/01\/instrumentos-211x300.png 211w\" sizes=\"auto, (max-width: 540px) 100vw, 540px\" \/><figcaption class=\"wp-element-caption\">Djemb\u00e9 y tama senegal\u00e9s<\/figcaption><\/figure>\n<\/div>\n<\/div>\n\n\n\n<div class=\"wp-block-columns has-base-2-background-color has-background is-layout-flex wp-container-core-columns-is-layout-9d6595d7 wp-block-columns-is-layout-flex\">\n<div class=\"wp-block-column is-layout-flow wp-block-column-is-layout-flow\" style=\"flex-basis:66.66%\">\n<p class=\"has-medium-font-size\"><strong>5. COLABORA USANDO EL SERVICIO DE NUESTROS VOLUNTARIOS \ud83d\ude42 <\/strong><\/p>\n\n\n\n<figure class=\"wp-block-image size-medium is-resized\"><img loading=\"lazy\" decoding=\"async\" width=\"212\" height=\"300\" src=\"https:\/\/ndeky.org\/wp-content\/uploads\/2024\/10\/Cartel-vertical-peluqueria-trenzas-moderno-amarillo-212x300.png\" alt=\"\" class=\"wp-image-235\" style=\"width:616px;height:auto\" srcset=\"https:\/\/ndeky.org\/wp-content\/uploads\/2024\/10\/Cartel-vertical-peluqueria-trenzas-moderno-amarillo-212x300.png 212w, https:\/\/ndeky.org\/wp-content\/uploads\/2024\/10\/Cartel-vertical-peluqueria-trenzas-moderno-amarillo-724x1024.png 724w, https:\/\/ndeky.org\/wp-content\/uploads\/2024\/10\/Cartel-vertical-peluqueria-trenzas-moderno-amarillo-768x1086.png 768w, https:\/\/ndeky.org\/wp-content\/uploads\/2024\/10\/Cartel-vertical-peluqueria-trenzas-moderno-amarillo-1086x1536.png 1086w, https:\/\/ndeky.org\/wp-content\/uploads\/2024\/10\/Cartel-vertical-peluqueria-trenzas-moderno-amarillo.png 1414w\" sizes=\"auto, (max-width: 212px) 100vw, 212px\" \/><figcaption class=\"wp-element-caption\">Trenzas Africanas \/ Rastas Solidarias &#8220;Ndeky&#8221; <\/figcaption><\/figure>\n<\/div>\n\n\n\n<div class=\"wp-block-column is-layout-flow wp-block-column-is-layout-flow\" style=\"flex-basis:33.33%\">\n<h2 class=\"wp-block-heading has-text-align-center\">Y PONTE GUAP@ AYUDANDO A SENEGAL<\/h2>\n\n\n\n<p>PREGUNTANOS EN !!!<\/p>\n\n\n\n<p class=\"has-text-align-center\">WASS: 681883373<\/p>\n\n\n\n<p class=\"has-text-align-center\">WASS: 647873919<\/p>\n\n\n\n<p class=\"has-text-align-center\">Proyectondeky@outlook.es<\/p>\n\n\n\n<div data-wp-interactive=\"core\/file\" class=\"wp-block-file\"><object data-wp-bind--hidden=\"!state.hasPdfPreview\" hidden class=\"wp-block-file__embed\" data=\"https:\/\/ndeky.org\/wp-content\/uploads\/2024\/10\/Cartel-vertical-peluqueria-trenzas-moderno-amarillo.pdf\" type=\"application\/pdf\" style=\"width:100%;height:600px\" aria-label=\"Embed of Cartel vertical peluqueria trenzas moderno amarillo.\"><\/object><a id=\"wp-block-file--media-21443c0c-a01d-40b8-9893-e8102e4403a1\" href=\"https:\/\/ndeky.org\/wp-content\/uploads\/2024\/10\/Cartel-vertical-peluqueria-trenzas-moderno-amarillo.pdf\">Cartel vertical peluqueria trenzas moderno amarillo<\/a><a href=\"https:\/\/ndeky.org\/wp-content\/uploads\/2024\/10\/Cartel-vertical-peluqueria-trenzas-moderno-amarillo.pdf\" class=\"wp-block-file__button wp-element-button\" download aria-describedby=\"wp-block-file--media-21443c0c-a01d-40b8-9893-e8102e4403a1\">Download<\/a><\/div>\n<\/div>\n<\/div>\n\n\n\n<p><\/p>\n","protected":false},"excerpt":{"rendered":"<p>1. Difunde el proyecto Existen infinidad de proyectos solidarios. El nuestro es muy personal, y peque\u00f1o tambi\u00e9n. En la teor\u00eda,&nbsp;no es nada diferente a lo que nos cuentan en otros proyectos u Ongs. Pero precisamente por ser peque\u00f1o, lo hacemos especial y cuidamos los detalles. As\u00ed que, si difundes entre personas allegadas y les cuentas &#8230; <a title=\"C\u00f3mo puedo colaborar\" class=\"read-more\" href=\"https:\/\/ndeky.org\/index.php\/como-puedo-colaborar\/\" aria-label=\"Read more about C\u00f3mo puedo colaborar\">Read more<\/a><\/p>\n","protected":false},"author":2,"featured_media":0,"parent":0,"menu_order":0,"comment_status":"closed","ping_status":"closed","template":"","meta":{"footnotes":""},"class_list":["post-76","page","type-page","status-publish"],"yoast_head":"<!-- This site is optimized with the Yoast SEO plugin v27.0 - https:\/\/yoast.com\/product\/yoast-seo-wordpress\/ -->\n<title>C\u00f3mo puedo colaborar - Proyecto Ndeky<\/title>\n<meta name=\"robots\" content=\"index, follow, max-snippet:-1, max-image-preview:large, max-video-preview:-1\" \/>\n<link rel=\"canonical\" href=\"https:\/\/ndeky.org\/index.php\/como-puedo-colaborar\/\" \/>\n<meta property=\"og:locale\" content=\"en_US\" \/>\n<meta property=\"og:type\" content=\"article\" \/>\n<meta property=\"og:title\" content=\"C\u00f3mo puedo colaborar - Proyecto Ndeky\" \/>\n<meta property=\"og:description\" content=\"1. Difunde el proyecto Existen infinidad de proyectos solidarios. El nuestro es muy personal, y peque\u00f1o tambi\u00e9n. En la teor\u00eda,&nbsp;no es nada diferente a lo que nos cuentan en otros proyectos u Ongs. Pero precisamente por ser peque\u00f1o, lo hacemos especial y cuidamos los detalles. As\u00ed que, si difundes entre personas allegadas y les cuentas ... Read more\" \/>\n<meta property=\"og:url\" content=\"https:\/\/ndeky.org\/index.php\/como-puedo-colaborar\/\" \/>\n<meta property=\"og:site_name\" content=\"Proyecto Ndeky\" \/>\n<meta property=\"article:publisher\" content=\"https:\/\/www.facebook.com\/profile.php?id=100093903516674\" \/>\n<meta property=\"article:modified_time\" content=\"2025-04-07T12:58:47+00:00\" \/>\n<meta property=\"og:image\" content=\"https:\/\/ndeky.org\/wp-content\/uploads\/2024\/01\/instrumentos.png\" \/>\n\t<meta property=\"og:image:width\" content=\"540\" \/>\n\t<meta property=\"og:image:height\" content=\"768\" \/>\n\t<meta property=\"og:image:type\" content=\"image\/png\" \/>\n<meta name=\"twitter:card\" content=\"summary_large_image\" \/>\n<meta name=\"twitter:label1\" content=\"Est. reading time\" \/>\n\t<meta name=\"twitter:data1\" content=\"2 minutes\" \/>\n<script type=\"application\/ld+json\" class=\"yoast-schema-graph\">{\"@context\":\"https:\/\/schema.org\",\"@graph\":[{\"@type\":\"WebPage\",\"@id\":\"https:\/\/ndeky.org\/index.php\/como-puedo-colaborar\/\",\"url\":\"https:\/\/ndeky.org\/index.php\/como-puedo-colaborar\/\",\"name\":\"C\u00f3mo puedo colaborar - Proyecto Ndeky\",\"isPartOf\":{\"@id\":\"https:\/\/ndeky.org\/#website\"},\"primaryImageOfPage\":{\"@id\":\"https:\/\/ndeky.org\/index.php\/como-puedo-colaborar\/#primaryimage\"},\"image\":{\"@id\":\"https:\/\/ndeky.org\/index.php\/como-puedo-colaborar\/#primaryimage\"},\"thumbnailUrl\":\"http:\/\/ndeky.org\/wp-content\/uploads\/2024\/01\/instrumentos.png\",\"datePublished\":\"2024-01-26T18:30:20+00:00\",\"dateModified\":\"2025-04-07T12:58:47+00:00\",\"breadcrumb\":{\"@id\":\"https:\/\/ndeky.org\/index.php\/como-puedo-colaborar\/#breadcrumb\"},\"inLanguage\":\"en-US\",\"potentialAction\":[{\"@type\":\"ReadAction\",\"target\":[\"https:\/\/ndeky.org\/index.php\/como-puedo-colaborar\/\"]}]},{\"@type\":\"ImageObject\",\"inLanguage\":\"en-US\",\"@id\":\"https:\/\/ndeky.org\/index.php\/como-puedo-colaborar\/#primaryimage\",\"url\":\"https:\/\/ndeky.org\/wp-content\/uploads\/2024\/01\/instrumentos.png\",\"contentUrl\":\"https:\/\/ndeky.org\/wp-content\/uploads\/2024\/01\/instrumentos.png\",\"width\":540,\"height\":768},{\"@type\":\"BreadcrumbList\",\"@id\":\"https:\/\/ndeky.org\/index.php\/como-puedo-colaborar\/#breadcrumb\",\"itemListElement\":[{\"@type\":\"ListItem\",\"position\":1,\"name\":\"Home\",\"item\":\"https:\/\/ndeky.org\/\"},{\"@type\":\"ListItem\",\"position\":2,\"name\":\"C\u00f3mo puedo colaborar\"}]},{\"@type\":\"WebSite\",\"@id\":\"https:\/\/ndeky.org\/#website\",\"url\":\"https:\/\/ndeky.org\/\",\"name\":\"Proyecto Ndeky\",\"description\":\"Proyecto para infancia en Saint Louis, Senegal\",\"publisher\":{\"@id\":\"https:\/\/ndeky.org\/#organization\"},\"potentialAction\":[{\"@type\":\"SearchAction\",\"target\":{\"@type\":\"EntryPoint\",\"urlTemplate\":\"https:\/\/ndeky.org\/?s={search_term_string}\"},\"query-input\":{\"@type\":\"PropertyValueSpecification\",\"valueRequired\":true,\"valueName\":\"search_term_string\"}}],\"inLanguage\":\"en-US\"},{\"@type\":\"Organization\",\"@id\":\"https:\/\/ndeky.org\/#organization\",\"name\":\"Asociaci\u00f3n Ndeky \u00c1frica\",\"url\":\"https:\/\/ndeky.org\/\",\"logo\":{\"@type\":\"ImageObject\",\"inLanguage\":\"en-US\",\"@id\":\"https:\/\/ndeky.org\/#\/schema\/logo\/image\/\",\"url\":\"https:\/\/ndeky.org\/wp-content\/uploads\/2025\/06\/cropped-android-icon-48x48-1.png\",\"contentUrl\":\"https:\/\/ndeky.org\/wp-content\/uploads\/2025\/06\/cropped-android-icon-48x48-1.png\",\"width\":48,\"height\":48,\"caption\":\"Asociaci\u00f3n Ndeky \u00c1frica\"},\"image\":{\"@id\":\"https:\/\/ndeky.org\/#\/schema\/logo\/image\/\"},\"sameAs\":[\"https:\/\/www.facebook.com\/profile.php?id=100093903516674\",\"https:\/\/www.instagram.com\/proyectondeky\"]}]}<\/script>\n<!-- \/ Yoast SEO plugin. -->","yoast_head_json":{"title":"C\u00f3mo puedo colaborar - Proyecto Ndeky","robots":{"index":"index","follow":"follow","max-snippet":"max-snippet:-1","max-image-preview":"max-image-preview:large","max-video-preview":"max-video-preview:-1"},"canonical":"https:\/\/ndeky.org\/index.php\/como-puedo-colaborar\/","og_locale":"en_US","og_type":"article","og_title":"C\u00f3mo puedo colaborar - Proyecto Ndeky","og_description":"1. Difunde el proyecto Existen infinidad de proyectos solidarios. El nuestro es muy personal, y peque\u00f1o tambi\u00e9n. En la teor\u00eda,&nbsp;no es nada diferente a lo que nos cuentan en otros proyectos u Ongs. Pero precisamente por ser peque\u00f1o, lo hacemos especial y cuidamos los detalles. As\u00ed que, si difundes entre personas allegadas y les cuentas ... Read more","og_url":"https:\/\/ndeky.org\/index.php\/como-puedo-colaborar\/","og_site_name":"Proyecto Ndeky","article_publisher":"https:\/\/www.facebook.com\/profile.php?id=100093903516674","article_modified_time":"2025-04-07T12:58:47+00:00","og_image":[{"width":540,"height":768,"url":"https:\/\/ndeky.org\/wp-content\/uploads\/2024\/01\/instrumentos.png","type":"image\/png"}],"twitter_card":"summary_large_image","twitter_misc":{"Est. reading time":"2 minutes"},"schema":{"@context":"https:\/\/schema.org","@graph":[{"@type":"WebPage","@id":"https:\/\/ndeky.org\/index.php\/como-puedo-colaborar\/","url":"https:\/\/ndeky.org\/index.php\/como-puedo-colaborar\/","name":"C\u00f3mo puedo colaborar - Proyecto Ndeky","isPartOf":{"@id":"https:\/\/ndeky.org\/#website"},"primaryImageOfPage":{"@id":"https:\/\/ndeky.org\/index.php\/como-puedo-colaborar\/#primaryimage"},"image":{"@id":"https:\/\/ndeky.org\/index.php\/como-puedo-colaborar\/#primaryimage"},"thumbnailUrl":"http:\/\/ndeky.org\/wp-content\/uploads\/2024\/01\/instrumentos.png","datePublished":"2024-01-26T18:30:20+00:00","dateModified":"2025-04-07T12:58:47+00:00","breadcrumb":{"@id":"https:\/\/ndeky.org\/index.php\/como-puedo-colaborar\/#breadcrumb"},"inLanguage":"en-US","potentialAction":[{"@type":"ReadAction","target":["https:\/\/ndeky.org\/index.php\/como-puedo-colaborar\/"]}]},{"@type":"ImageObject","inLanguage":"en-US","@id":"https:\/\/ndeky.org\/index.php\/como-puedo-colaborar\/#primaryimage","url":"https:\/\/ndeky.org\/wp-content\/uploads\/2024\/01\/instrumentos.png","contentUrl":"https:\/\/ndeky.org\/wp-content\/uploads\/2024\/01\/instrumentos.png","width":540,"height":768},{"@type":"BreadcrumbList","@id":"https:\/\/ndeky.org\/index.php\/como-puedo-colaborar\/#breadcrumb","itemListElement":[{"@type":"ListItem","position":1,"name":"Home","item":"https:\/\/ndeky.org\/"},{"@type":"ListItem","position":2,"name":"C\u00f3mo puedo colaborar"}]},{"@type":"WebSite","@id":"https:\/\/ndeky.org\/#website","url":"https:\/\/ndeky.org\/","name":"Proyecto Ndeky","description":"Proyecto para infancia en Saint Louis, Senegal","publisher":{"@id":"https:\/\/ndeky.org\/#organization"},"potentialAction":[{"@type":"SearchAction","target":{"@type":"EntryPoint","urlTemplate":"https:\/\/ndeky.org\/?s={search_term_string}"},"query-input":{"@type":"PropertyValueSpecification","valueRequired":true,"valueName":"search_term_string"}}],"inLanguage":"en-US"},{"@type":"Organization","@id":"https:\/\/ndeky.org\/#organization","name":"Asociaci\u00f3n Ndeky \u00c1frica","url":"https:\/\/ndeky.org\/","logo":{"@type":"ImageObject","inLanguage":"en-US","@id":"https:\/\/ndeky.org\/#\/schema\/logo\/image\/","url":"https:\/\/ndeky.org\/wp-content\/uploads\/2025\/06\/cropped-android-icon-48x48-1.png","contentUrl":"https:\/\/ndeky.org\/wp-content\/uploads\/2025\/06\/cropped-android-icon-48x48-1.png","width":48,"height":48,"caption":"Asociaci\u00f3n Ndeky \u00c1frica"},"image":{"@id":"https:\/\/ndeky.org\/#\/schema\/logo\/image\/"},"sameAs":["https:\/\/www.facebook.com\/profile.php?id=100093903516674","https:\/\/www.instagram.com\/proyectondeky"]}]}},"_links":{"self":[{"href":"https:\/\/ndeky.org\/index.php\/wp-json\/wp\/v2\/pages\/76","targetHints":{"allow":["GET"]}}],"collection":[{"href":"https:\/\/ndeky.org\/index.php\/wp-json\/wp\/v2\/pages"}],"about":[{"href":"https:\/\/ndeky.org\/index.php\/wp-json\/wp\/v2\/types\/page"}],"author":[{"embeddable":true,"href":"https:\/\/ndeky.org\/index.php\/wp-json\/wp\/v2\/users\/2"}],"replies":[{"embeddable":true,"href":"https:\/\/ndeky.org\/index.php\/wp-json\/wp\/v2\/comments?post=76"}],"version-history":[{"count":15,"href":"https:\/\/ndeky.org\/index.php\/wp-json\/wp\/v2\/pages\/76\/revisions"}],"predecessor-version":[{"id":308,"href":"https:\/\/ndeky.org\/index.php\/wp-json\/wp\/v2\/pages\/76\/revisions\/308"}],"wp:attachment":[{"href":"https:\/\/ndeky.org\/index.php\/wp-json\/wp\/v2\/media?parent=76"}],"curies":[{"name":"wp","href":"https:\/\/api.w.org\/{rel}","templated":true}]}}